{"id":3407,"date":"2023-12-07T13:22:30","date_gmt":"2023-12-07T18:22:30","guid":{"rendered":"https:\/\/www.hueseehair.com\/?post_type=training&#038;p=3407"},"modified":"2024-04-12T10:15:27","modified_gmt":"2024-04-12T14:15:27","slug":"kathy-simon","status":"publish","type":"training","link":"https:\/\/www.hueseehair.com\/fr\/formations\/kathy-simon\/","title":{"rendered":"Kathy Simon \u2014 Directrice de cr\u00e9ation et Directrice artistique"},"content":{"rendered":"<p><span class=\"h3 h4\">Kathy Simon<\/span><br \/>\n<span class=\"h4 h5\">\u2014 Directrice de cr\u00e9ation &amp; Directrice artistique pour HueSee<\/span><\/p>\n<p><span class=\"h4 h5\">Kathy Simon travaille dans l\u2019industrie de la coiffure depuis 1986. Gr\u00e2ce \u00e0 sa vision artistique unique, elle a rapidement gravi les \u00e9chelons jusqu\u2019au r\u00f4le de directrice artistique et travaill\u00e9 pour de grandes marques de renomm\u00e9e internationale comme Vidal Sassoon, Joico, Schwarzkopf Professional, Neuma et Lakm\u00e9. Elle a pris part \u00e0 de nombreux \u00e9v\u00e9nements, plateaux, tournages et s\u00e9ances photos, gagn\u00e9 un prix Contessa, \u00e9t\u00e9 finaliste \u00e0 plusieurs concours et son travail est publi\u00e9 dans magazines du monde entier. Kathy est \u00e9galement reconnue pour son style d\u2019enseignement inspirant et pour le syst\u00e8me d\u2019\u00e9ducation qu\u2019elle a cr\u00e9\u00e9 et qu\u2019elle continue de d\u00e9velopper et d\u2019enseigner partout en Am\u00e9rique du Nord, le syst\u00e8me d\u2019\u00e9ducation Mekka.<\/span><\/p>\n<p><span class=\"h4 h5\">Depuis 2023, Kathy Simon occupe le double r\u00f4le de directrice de cr\u00e9ation et de directrice artistique pour HueSee. Elle est responsable des collections et de l\u2019\u00e9quipe artistique en plus de participer activement au d\u00e9veloppement de la structure d\u2019\u00e9ducation et au d\u00e9veloppement de produits.<\/span><\/p>\n<p><strong>Son parcours aupr\u00e8s de marques de coiffure professionnelles<\/strong><\/p>\n<p>Styliste et \u00c9ducatrice pour Vidal Sassoon<br \/>\n(Angleterre \/ 1989 \u00e0 1992)<\/p>\n<p>Artiste pour Joico<br \/>\n(Am\u00e9rique du Nord \/ 1993 \u00e0 1999)<\/p>\n<p>Artiste pour Schwarzkopf Professional<br \/>\n(\u00c9tats-Unis \/ 1999 \u00e0 2003)<\/p>\n<p>Artiste pour Schwarzkopf Professional<br \/>\n(Canada \/ 2004 \u00e0 2006)<\/p>\n<p>Directrice artistique des Looks Essentiels pour Schwarzkopf Professional<br \/>\n(Canada, mais repr\u00e9sente la marque au niveau international \/ 2006 \u00e0 2017)<\/p>\n<p>Directrice artistique pour Neuma<br \/>\n(International \/ 2017 \u00e0 2020)<\/p>\n<p>Consultante et Directrice artistique pour Tocco Magico<br \/>\n(Am\u00e9rique du Nord \/ 2017 \u00e0 2019)<\/p>\n<p>Ambassadrice de marque pour Lakm\u00e9<br \/>\n(Canada \/ 2019 \u00e0 2023)<\/p>\n<p>Directrice de cr\u00e9ation et Directrice artistique pour HueSee<br \/>\n(International \/ 2023 \u00e0 aujourd\u2019hui)<\/p>\n<p><strong>Ses autres exp\u00e9riences professionnelles<\/strong><\/p>\n<p>Directrice artistique et \u00c9ducatrice pour Suki\u2019s Academy<br \/>\n(Vancouver, Canada \/ 1993 \u00e0 1998)<\/p>\n<p>Cr\u00e9atrice du syst\u00e8me d\u2019\u00e9ducation Mekka<br \/>\n(1997)<\/p>\n<p>Directrice de l\u2019\u00e9ducation et Directrice artistique pour Mekka<br \/>\n(1997 \u00e0 aujourd\u2019hui)<\/p>\n<p>Propri\u00e9taire de l&rsquo;acad\u00e9mie Mekka et du studio de coiffure Mekka<br \/>\n(Montr\u00e9al, Canada \/ 2013 \u00e0 aujourd\u2019hui)<\/p>\n","protected":false},"author":6,"featured_media":3545,"template":"","class_list":["post-3407","training","type-training","status-publish","has-post-thumbnail","hentry","training_category-formateurs"],"acf":[],"yoast_head":"<!-- This site is optimized with the Yoast SEO Premium plugin v20.4 (Yoast SEO v24.6) - https:\/\/yoast.com\/wordpress\/plugins\/seo\/ -->\n<title>Kathy Simon \u2014 Directrice de cr\u00e9ation et Directrice artistique | HueSee<\/title>\n<meta name=\"robots\" content=\"index, follow, max-snippet:-1, max-image-preview:large, max-video-preview:-1\" \/>\n<link rel=\"canonical\" href=\"https:\/\/www.hueseehair.com\/fr\/formations\/kathy-simon\/\" \/>\n<meta property=\"og:locale\" content=\"fr_CA\" \/>\n<meta property=\"og:type\" content=\"article\" \/>\n<meta property=\"og:title\" content=\"Kathy Simon \u2014 Directrice de cr\u00e9ation et Directrice artistique\" \/>\n<meta property=\"og:description\" content=\"Kathy Simon \u2014 Directrice de cr\u00e9ation &amp; Directrice artistique pour HueSee Kathy Simon travaille dans l\u2019industrie de la coiffure depuis 1986. Gr\u00e2ce \u00e0 sa vision artistique unique, elle a rapidement gravi les \u00e9chelons jusqu\u2019au r\u00f4le de directrice artistique et travaill\u00e9 pour de grandes marques de renomm\u00e9e internationale comme Vidal Sassoon, &hellip; Suivant\" \/>\n<meta property=\"og:url\" content=\"https:\/\/www.hueseehair.com\/fr\/formations\/kathy-simon\/\" \/>\n<meta property=\"og:site_name\" content=\"HueSee\" \/>\n<meta property=\"article:modified_time\" content=\"2024-04-12T14:15:27+00:00\" \/>\n<meta property=\"og:image\" content=\"https:\/\/www.hueseehair.com\/app\/uploads\/2023\/12\/huesee-kathy-simon-1-1024x579.jpg\" \/>\n\t<meta property=\"og:image:width\" content=\"1024\" \/>\n\t<meta property=\"og:image:height\" content=\"579\" \/>\n\t<meta property=\"og:image:type\" content=\"image\/jpeg\" \/>\n<meta name=\"twitter:card\" content=\"summary_large_image\" \/>\n<script type=\"application\/ld+json\" class=\"yoast-schema-graph\">{\"@context\":\"https:\/\/schema.org\",\"@graph\":[{\"@type\":\"WebPage\",\"@id\":\"https:\/\/www.hueseehair.com\/fr\/formations\/kathy-simon\/\",\"url\":\"https:\/\/www.hueseehair.com\/fr\/formations\/kathy-simon\/\",\"name\":\"Kathy Simon \u2014 Directrice de cr\u00e9ation et Directrice artistique | HueSee\",\"isPartOf\":{\"@id\":\"https:\/\/www.hueseehair.com\/fr\/#website\"},\"primaryImageOfPage\":{\"@id\":\"https:\/\/www.hueseehair.com\/fr\/formations\/kathy-simon\/#primaryimage\"},\"image\":{\"@id\":\"https:\/\/www.hueseehair.com\/fr\/formations\/kathy-simon\/#primaryimage\"},\"thumbnailUrl\":\"https:\/\/www.hueseehair.com\/app\/uploads\/2023\/12\/huesee-kathy-simon-1.jpg\",\"datePublished\":\"2023-12-07T18:22:30+00:00\",\"dateModified\":\"2024-04-12T14:15:27+00:00\",\"breadcrumb\":{\"@id\":\"https:\/\/www.hueseehair.com\/fr\/formations\/kathy-simon\/#breadcrumb\"},\"inLanguage\":\"fr-CA\",\"potentialAction\":[{\"@type\":\"ReadAction\",\"target\":[\"https:\/\/www.hueseehair.com\/fr\/formations\/kathy-simon\/\"]}]},{\"@type\":\"ImageObject\",\"inLanguage\":\"fr-CA\",\"@id\":\"https:\/\/www.hueseehair.com\/fr\/formations\/kathy-simon\/#primaryimage\",\"url\":\"https:\/\/www.hueseehair.com\/app\/uploads\/2023\/12\/huesee-kathy-simon-1.jpg\",\"contentUrl\":\"https:\/\/www.hueseehair.com\/app\/uploads\/2023\/12\/huesee-kathy-simon-1.jpg\",\"width\":1530,\"height\":865},{\"@type\":\"BreadcrumbList\",\"@id\":\"https:\/\/www.hueseehair.com\/fr\/formations\/kathy-simon\/#breadcrumb\",\"itemListElement\":[{\"@type\":\"ListItem\",\"position\":1,\"name\":\"Accueil\",\"item\":\"https:\/\/www.hueseehair.com\/fr\/\"},{\"@type\":\"ListItem\",\"position\":2,\"name\":\"Formation\",\"item\":\"https:\/\/www.hueseehair.com\/fr\/formations\/\"},{\"@type\":\"ListItem\",\"position\":3,\"name\":\"Kathy Simon \u2014 Directrice de cr\u00e9ation et Directrice artistique\"}]},{\"@type\":\"WebSite\",\"@id\":\"https:\/\/www.hueseehair.com\/fr\/#website\",\"url\":\"https:\/\/www.hueseehair.com\/fr\/\",\"name\":\"HueSee\",\"description\":\"Simplement brillant\",\"publisher\":{\"@id\":\"https:\/\/www.hueseehair.com\/fr\/#organization\"},\"potentialAction\":[{\"@type\":\"SearchAction\",\"target\":{\"@type\":\"EntryPoint\",\"urlTemplate\":\"https:\/\/www.hueseehair.com\/fr\/?s={search_term_string}\"},\"query-input\":{\"@type\":\"PropertyValueSpecification\",\"valueRequired\":true,\"valueName\":\"search_term_string\"}}],\"inLanguage\":\"fr-CA\"},{\"@type\":\"Organization\",\"@id\":\"https:\/\/www.hueseehair.com\/fr\/#organization\",\"name\":\"HueSee\",\"url\":\"https:\/\/www.hueseehair.com\/fr\/\",\"logo\":{\"@type\":\"ImageObject\",\"inLanguage\":\"fr-CA\",\"@id\":\"https:\/\/www.hueseehair.com\/fr\/#\/schema\/logo\/image\/\",\"url\":\"https:\/\/www.hueseehair.com\/app\/uploads\/2022\/09\/huesee-fb-img-1.jpg\",\"contentUrl\":\"https:\/\/www.hueseehair.com\/app\/uploads\/2022\/09\/huesee-fb-img-1.jpg\",\"width\":1200,\"height\":627,\"caption\":\"HueSee\"},\"image\":{\"@id\":\"https:\/\/www.hueseehair.com\/fr\/#\/schema\/logo\/image\/\"},\"sameAs\":[\"https:\/\/www.instagram.com\/hueseehair\/\"]}]}<\/script>\n<!-- \/ Yoast SEO Premium plugin. -->","yoast_head_json":{"title":"Kathy Simon \u2014 Directrice de cr\u00e9ation et Directrice artistique | HueSee","robots":{"index":"index","follow":"follow","max-snippet":"max-snippet:-1","max-image-preview":"max-image-preview:large","max-video-preview":"max-video-preview:-1"},"canonical":"https:\/\/www.hueseehair.com\/fr\/formations\/kathy-simon\/","og_locale":"fr_CA","og_type":"article","og_title":"Kathy Simon \u2014 Directrice de cr\u00e9ation et Directrice artistique","og_description":"Kathy Simon \u2014 Directrice de cr\u00e9ation &amp; Directrice artistique pour HueSee Kathy Simon travaille dans l\u2019industrie de la coiffure depuis 1986. Gr\u00e2ce \u00e0 sa vision artistique unique, elle a rapidement gravi les \u00e9chelons jusqu\u2019au r\u00f4le de directrice artistique et travaill\u00e9 pour de grandes marques de renomm\u00e9e internationale comme Vidal Sassoon, &hellip; Suivant","og_url":"https:\/\/www.hueseehair.com\/fr\/formations\/kathy-simon\/","og_site_name":"HueSee","article_modified_time":"2024-04-12T14:15:27+00:00","og_image":[{"width":1024,"height":579,"url":"https:\/\/www.hueseehair.com\/app\/uploads\/2023\/12\/huesee-kathy-simon-1-1024x579.jpg","type":"image\/jpeg"}],"twitter_card":"summary_large_image","schema":{"@context":"https:\/\/schema.org","@graph":[{"@type":"WebPage","@id":"https:\/\/www.hueseehair.com\/fr\/formations\/kathy-simon\/","url":"https:\/\/www.hueseehair.com\/fr\/formations\/kathy-simon\/","name":"Kathy Simon \u2014 Directrice de cr\u00e9ation et Directrice artistique | HueSee","isPartOf":{"@id":"https:\/\/www.hueseehair.com\/fr\/#website"},"primaryImageOfPage":{"@id":"https:\/\/www.hueseehair.com\/fr\/formations\/kathy-simon\/#primaryimage"},"image":{"@id":"https:\/\/www.hueseehair.com\/fr\/formations\/kathy-simon\/#primaryimage"},"thumbnailUrl":"https:\/\/www.hueseehair.com\/app\/uploads\/2023\/12\/huesee-kathy-simon-1.jpg","datePublished":"2023-12-07T18:22:30+00:00","dateModified":"2024-04-12T14:15:27+00:00","breadcrumb":{"@id":"https:\/\/www.hueseehair.com\/fr\/formations\/kathy-simon\/#breadcrumb"},"inLanguage":"fr-CA","potentialAction":[{"@type":"ReadAction","target":["https:\/\/www.hueseehair.com\/fr\/formations\/kathy-simon\/"]}]},{"@type":"ImageObject","inLanguage":"fr-CA","@id":"https:\/\/www.hueseehair.com\/fr\/formations\/kathy-simon\/#primaryimage","url":"https:\/\/www.hueseehair.com\/app\/uploads\/2023\/12\/huesee-kathy-simon-1.jpg","contentUrl":"https:\/\/www.hueseehair.com\/app\/uploads\/2023\/12\/huesee-kathy-simon-1.jpg","width":1530,"height":865},{"@type":"BreadcrumbList","@id":"https:\/\/www.hueseehair.com\/fr\/formations\/kathy-simon\/#breadcrumb","itemListElement":[{"@type":"ListItem","position":1,"name":"Accueil","item":"https:\/\/www.hueseehair.com\/fr\/"},{"@type":"ListItem","position":2,"name":"Formation","item":"https:\/\/www.hueseehair.com\/fr\/formations\/"},{"@type":"ListItem","position":3,"name":"Kathy Simon \u2014 Directrice de cr\u00e9ation et Directrice artistique"}]},{"@type":"WebSite","@id":"https:\/\/www.hueseehair.com\/fr\/#website","url":"https:\/\/www.hueseehair.com\/fr\/","name":"HueSee","description":"Simplement brillant","publisher":{"@id":"https:\/\/www.hueseehair.com\/fr\/#organization"},"potentialAction":[{"@type":"SearchAction","target":{"@type":"EntryPoint","urlTemplate":"https:\/\/www.hueseehair.com\/fr\/?s={search_term_string}"},"query-input":{"@type":"PropertyValueSpecification","valueRequired":true,"valueName":"search_term_string"}}],"inLanguage":"fr-CA"},{"@type":"Organization","@id":"https:\/\/www.hueseehair.com\/fr\/#organization","name":"HueSee","url":"https:\/\/www.hueseehair.com\/fr\/","logo":{"@type":"ImageObject","inLanguage":"fr-CA","@id":"https:\/\/www.hueseehair.com\/fr\/#\/schema\/logo\/image\/","url":"https:\/\/www.hueseehair.com\/app\/uploads\/2022\/09\/huesee-fb-img-1.jpg","contentUrl":"https:\/\/www.hueseehair.com\/app\/uploads\/2022\/09\/huesee-fb-img-1.jpg","width":1200,"height":627,"caption":"HueSee"},"image":{"@id":"https:\/\/www.hueseehair.com\/fr\/#\/schema\/logo\/image\/"},"sameAs":["https:\/\/www.instagram.com\/hueseehair\/"]}]}},"_links":{"self":[{"href":"https:\/\/www.hueseehair.com\/fr\/wp-json\/wp\/v2\/training\/3407","targetHints":{"allow":["GET"]}}],"collection":[{"href":"https:\/\/www.hueseehair.com\/fr\/wp-json\/wp\/v2\/training"}],"about":[{"href":"https:\/\/www.hueseehair.com\/fr\/wp-json\/wp\/v2\/types\/training"}],"author":[{"embeddable":true,"href":"https:\/\/www.hueseehair.com\/fr\/wp-json\/wp\/v2\/users\/6"}],"version-history":[{"count":14,"href":"https:\/\/www.hueseehair.com\/fr\/wp-json\/wp\/v2\/training\/3407\/revisions"}],"predecessor-version":[{"id":3487,"href":"https:\/\/www.hueseehair.com\/fr\/wp-json\/wp\/v2\/training\/3407\/revisions\/3487"}],"wp:featuredmedia":[{"embeddable":true,"href":"https:\/\/www.hueseehair.com\/fr\/wp-json\/wp\/v2\/media\/3545"}],"wp:attachment":[{"href":"https:\/\/www.hueseehair.com\/fr\/wp-json\/wp\/v2\/media?parent=3407"}],"curies":[{"name":"wp","href":"https:\/\/api.w.org\/{rel}","templated":true}]}}